{"id":39,"date":"2021-01-21T15:47:45","date_gmt":"2021-01-21T15:47:45","guid":{"rendered":"https:\/\/poverty-is-not-a-crime.ch\/?page_id=39"},"modified":"2021-02-08T16:01:25","modified_gmt":"2021-02-08T16:01:25","slug":"danke","status":"publish","type":"page","link":"https:\/\/poverty-is-not-a-crime.ch\/de\/danke\/","title":{"rendered":"Danke f\u00fcr Ihre Unterst\u00fctzung!"},"content":{"rendered":"<p>Unsere Allianz ist dank Ihrer Unterschrift gerade st\u00e4rker geworden.<\/p>\n<p>Dieser offene Brief wird nicht in einer Schublade landen. Wir werden ihn ins Parlament bringen und zwar bald. Deswegen m\u00fcssen wir so viele Menschen wie m\u00f6glich erreichen. <strong>Teilen Sie unseren Aufruf!<\/strong><\/p>\n<div class=\"shariff\"><ul class=\"shariff-buttons theme-default orientation-horizontal buttonsize-medium\"><li class=\"shariff-button facebook shariff-nocustomcolor\" style=\"background-color:#4273c8\"><a href=\"https:\/\/www.facebook.com\/sharer\/sharer.php?u=https%3A%2F%2Fpoverty-is-not-a-crime.ch%2Fde%2F\" title=\"Bei Facebook teilen\" aria-label=\"Bei Facebook teilen\" role=\"button\" rel=\"nofollow\" class=\"shariff-link\" style=\"; background-color:#3b5998; color:#fff\" target=\"_blank\"><span class=\"shariff-icon\" style=\"\"><svg width=\"32px\" height=\"20px\" xmlns=\"http:\/\/www.w3.org\/2000\/svg\" viewBox=\"0 0 18 32\"><path fill=\"#3b5998\" d=\"M17.1 0.2v4.7h-2.8q-1.5 0-2.1 0.6t-0.5 1.9v3.4h5.2l-0.7 5.3h-4.5v13.6h-5.5v-13.6h-4.5v-5.3h4.5v-3.9q0-3.3 1.9-5.2t5-1.8q2.6 0 4.1 0.2z\"\/><\/svg><\/span><span class=\"shariff-text\">teilen<\/span>&nbsp;<\/a><\/li><li class=\"shariff-button twitter shariff-nocustomcolor\" style=\"background-color:#595959\"><a href=\"https:\/\/twitter.com\/share?url=https%3A%2F%2Fpoverty-is-not-a-crime.ch%2Fde%2F&text=Unterschreiben%20Sie%20jetzt%20den%20Brief%20ans%20Parlament%21\" title=\"Bei X teilen\" aria-label=\"Bei X teilen\" role=\"button\" rel=\"noopener nofollow\" class=\"shariff-link\" style=\"; background-color:#000; color:#fff\" target=\"_blank\"><span class=\"shariff-icon\" style=\"\"><svg width=\"32px\" height=\"20px\" xmlns=\"http:\/\/www.w3.org\/2000\/svg\" viewBox=\"0 0 24 24\"><path fill=\"#000\" d=\"M14.258 10.152L23.176 0h-2.113l-7.747 8.813L7.133 0H0l9.352 13.328L0 23.973h2.113l8.176-9.309 6.531 9.309h7.133zm-2.895 3.293l-.949-1.328L2.875 1.56h3.246l6.086 8.523.945 1.328 7.91 11.078h-3.246zm0 0\"\/><\/svg><\/span><span class=\"shariff-text\">teilen<\/span>&nbsp;<\/a><\/li><li class=\"shariff-button sms shariff-nocustomcolor shariff-mobile\" style=\"background-color:#d7d9d8\"><a href=\"sms:?&body=https%3A%2F%2Fpoverty-is-not-a-crime.ch%2Fde%2F\" title=\"Per SMS teilen\" aria-label=\"Per SMS teilen\" role=\"button\" rel=\"noopener nofollow\" class=\"shariff-link\" style=\"; background-color:#a1e877; color:#fff\" target=\"_blank\"><span class=\"shariff-icon\" style=\"\"><svg xmlns=\"http:\/\/www.w3.org\/2000\/svg\" width=\"510\" height=\"510\" viewBox=\"0 0 510 510\"><path fill=\"#a1e877\" d=\"M459 0H51C23 0 0 23 0 51v459l102-102h357c28.1 0 51-22.9 51-51V51C510 23 487.1 0 459 0zM178.5 229.5h-51v-51h51V229.5zM280.5 229.5h-51v-51h51V229.5zM382.5 229.5h-51v-51h51V229.5z\"\/><\/svg><\/span><span class=\"shariff-text\">teilen<\/span>&nbsp;<\/a><\/li><li class=\"shariff-button threema shariff-nocustomcolor shariff-mobile\" style=\"background-color:#4fbc24\"><a href=\"threema:\/\/compose?text=Unterschreiben%20Sie%20jetzt%20den%20Brief%20ans%20Parlament%21%20https%3A%2F%2Fpoverty-is-not-a-crime.ch%2Fde%2F\" title=\"Bei Threema teilen\" aria-label=\"Bei Threema teilen\" role=\"button\" rel=\"noopener nofollow\" class=\"shariff-link\" style=\"; background-color:#1f1f1f; color:#fff\" target=\"_blank\"><span class=\"shariff-icon\" style=\"\"><svg width=\"32px\" height=\"20px\" xmlns=\"http:\/\/www.w3.org\/2000\/svg\" viewBox=\"0 0 32 32\"><path fill=\"#1f1f1f\" d=\"M30.8 10.9c-0.3-1.4-0.9-2.6-1.8-3.8-2-2.6-5.5-4.5-9.4-5.2-1.3-0.2-1.9-0.3-3.5-0.3s-2.2 0-3.5 0.3c-4 0.7-7.4 2.6-9.4 5.2-0.9 1.2-1.5 2.4-1.8 3.8-0.1 0.5-0.2 1.2-0.2 1.6 0 0.4 0.1 1.1 0.2 1.6 0.4 1.9 1.3 3.4 2.9 5 0.8 0.8 0.8 0.8 0.7 1.3 0 0.6-0.5 1.6-1.7 3.6-0.3 0.5-0.5 0.9-0.5 0.9 0 0.1 0.1 0.1 0.5 0 0.8-0.2 2.3-0.6 5.6-1.6 1.1-0.3 1.3-0.4 2.3-0.4 0.8 0 1.1 0 2.3 0.2 1.5 0.2 3.5 0.2 4.9 0 5.1-0.6 9.3-2.9 11.4-6.3 0.5-0.9 0.9-1.8 1.1-2.8 0.1-0.5 0.2-1.1 0.2-1.6 0-0.7-0.1-1.1-0.2-1.6-0.3-1.4 0.1 0.5 0 0zM20.6 17.3c0 0.4-0.4 0.8-0.8 0.8h-7.7c-0.4 0-0.8-0.4-0.8-0.8v-4.6c0-0.4 0.4-0.8 0.8-0.8h0.2l0-1.6c0-0.9 0-1.8 0.1-2 0.1-0.6 0.6-1.2 1.1-1.7s1.1-0.7 1.9-0.8c1.8-0.3 3.7 0.7 4.2 2.2 0.1 0.3 0.1 0.7 0.1 2.1v0 1.7h0.1c0.4 0 0.8 0.4 0.8 0.8v4.6zM15.6 7.3c-0.5 0.1-0.8 0.3-1.2 0.6s-0.6 0.8-0.7 1.3c0 0.2 0 0.8 0 1.5l0 1.2h4.6v-1.3c0-1 0-1.4-0.1-1.6-0.3-1.1-1.5-1.9-2.6-1.7zM25.8 28.2c0 1.2-1 2.2-2.1 2.2s-2.1-1-2.1-2.1c0-1.2 1-2.1 2.2-2.1s2.2 1 2.2 2.2zM18.1 28.2c0 1.2-1 2.2-2.1 2.2s-2.1-1-2.1-2.1c0-1.2 1-2.1 2.2-2.1s2.2 1 2.2 2.2zM10.4 28.2c0 1.2-1 2.2-2.1 2.2s-2.1-1-2.1-2.1c0-1.2 1-2.1 2.2-2.1s2.2 1 2.2 2.2z\"\/><\/svg><\/span><span class=\"shariff-text\">teilen<\/span>&nbsp;<\/a><\/li><li class=\"shariff-button whatsapp shariff-nocustomcolor\" style=\"background-color:#5cbe4a\"><a href=\"https:\/\/api.whatsapp.com\/send?text=https%3A%2F%2Fpoverty-is-not-a-crime.ch%2Fde%2F%20Unterschreiben%20Sie%20jetzt%20den%20Brief%20ans%20Parlament%21\" title=\"Bei Whatsapp teilen\" aria-label=\"Bei Whatsapp teilen\" role=\"button\" rel=\"noopener nofollow\" class=\"shariff-link\" style=\"; background-color:#34af23; color:#fff\" target=\"_blank\"><span class=\"shariff-icon\" style=\"\"><svg width=\"32px\" height=\"20px\" xmlns=\"http:\/\/www.w3.org\/2000\/svg\" viewBox=\"0 0 32 32\"><path fill=\"#34af23\" d=\"M17.6 17.4q0.2 0 1.7 0.8t1.6 0.9q0 0.1 0 0.3 0 0.6-0.3 1.4-0.3 0.7-1.3 1.2t-1.8 0.5q-1 0-3.4-1.1-1.7-0.8-3-2.1t-2.6-3.3q-1.3-1.9-1.3-3.5v-0.1q0.1-1.6 1.3-2.8 0.4-0.4 0.9-0.4 0.1 0 0.3 0t0.3 0q0.3 0 0.5 0.1t0.3 0.5q0.1 0.4 0.6 1.6t0.4 1.3q0 0.4-0.6 1t-0.6 0.8q0 0.1 0.1 0.3 0.6 1.3 1.8 2.4 1 0.9 2.7 1.8 0.2 0.1 0.4 0.1 0.3 0 1-0.9t0.9-0.9zM14 26.9q2.3 0 4.3-0.9t3.6-2.4 2.4-3.6 0.9-4.3-0.9-4.3-2.4-3.6-3.6-2.4-4.3-0.9-4.3 0.9-3.6 2.4-2.4 3.6-0.9 4.3q0 3.6 2.1 6.6l-1.4 4.2 4.3-1.4q2.8 1.9 6.2 1.9zM14 2.2q2.7 0 5.2 1.1t4.3 2.9 2.9 4.3 1.1 5.2-1.1 5.2-2.9 4.3-4.3 2.9-5.2 1.1q-3.5 0-6.5-1.7l-7.4 2.4 2.4-7.2q-1.9-3.2-1.9-6.9 0-2.7 1.1-5.2t2.9-4.3 4.3-2.9 5.2-1.1z\"\/><\/svg><\/span><span class=\"shariff-text\">teilen<\/span>&nbsp;<\/a><\/li><li class=\"shariff-button telegram shariff-nocustomcolor\" style=\"background-color:#4084A6\"><a href=\"https:\/\/telegram.me\/share\/url?url=https%3A%2F%2Fpoverty-is-not-a-crime.ch%2Fde%2F&text=Unterschreiben%20Sie%20jetzt%20den%20Brief%20ans%20Parlament%21\" title=\"Bei Telegram teilen\" aria-label=\"Bei Telegram teilen\" role=\"button\" rel=\"noopener nofollow\" class=\"shariff-link\" style=\"; background-color:#0088cc; color:#fff\" target=\"_blank\"><span class=\"shariff-icon\" style=\"\"><svg width=\"32px\" height=\"20px\" xmlns=\"http:\/\/www.w3.org\/2000\/svg\" viewBox=\"0 0 32 32\"><path fill=\"#0088cc\" d=\"M30.8 6.5l-4.5 21.4c-.3 1.5-1.2 1.9-2.5 1.2L16.9 24l-3.3 3.2c-.4.4-.7.7-1.4.7l.5-7L25.5 9.2c.6-.5-.1-.8-.9-.3l-15.8 10L2 16.7c-1.5-.5-1.5-1.5.3-2.2L28.9 4.3c1.3-.5 2.3.3 1.9 2.2z\"\/><\/svg><\/span><span class=\"shariff-text\">teilen<\/span>&nbsp;<\/a><\/li><\/ul><\/div>","protected":false},"excerpt":{"rendered":"<p>Unsere Allianz ist dank Ihrer Unterschrift gerade st\u00e4rker geworden. Dieser offene Brief wird nicht in einer Schublade landen. Wir werden ihn ins Parlament bringen und zwar bald. Deswegen m\u00fcssen wir so viele Menschen wie m\u00f6glich erreichen. Teilen Sie unseren Aufruf!<\/p>\n","protected":false},"author":1,"featured_media":0,"parent":0,"menu_order":0,"comment_status":"closed","ping_status":"closed","template":"","meta":{"footnotes":""},"class_list":["post-39","page","type-page","status-publish","hentry"],"yoast_head":"<!-- This site is optimized with the Yoast SEO plugin v27.5 - https:\/\/yoast.com\/product\/yoast-seo-wordpress\/ -->\n<title>Danke f\u00fcr Ihre Unterst\u00fctzung! - Poverty is not a crime!<\/title>\n<meta name=\"robots\" content=\"index, follow, max-snippet:-1, max-image-preview:large, max-video-preview:-1\" \/>\n<link rel=\"canonical\" href=\"https:\/\/poverty-is-not-a-crime.ch\/de\/danke\/\" \/>\n<meta property=\"og:locale\" content=\"de_DE\" \/>\n<meta property=\"og:type\" content=\"article\" \/>\n<meta property=\"og:title\" content=\"Danke f\u00fcr Ihre Unterst\u00fctzung! - Poverty is not a crime!\" \/>\n<meta property=\"og:description\" content=\"Unsere Allianz ist dank Ihrer Unterschrift gerade st\u00e4rker geworden. Dieser offene Brief wird nicht in einer Schublade landen. Wir werden ihn ins Parlament bringen und zwar bald. Deswegen m\u00fcssen wir so viele Menschen wie m\u00f6glich erreichen. Teilen Sie unseren Aufruf!\" \/>\n<meta property=\"og:url\" content=\"https:\/\/poverty-is-not-a-crime.ch\/de\/danke\/\" \/>\n<meta property=\"og:site_name\" content=\"Poverty is not a crime!\" \/>\n<meta property=\"article:modified_time\" content=\"2021-02-08T16:01:25+00:00\" \/>\n<meta name=\"twitter:card\" content=\"summary_large_image\" \/>\n<meta name=\"twitter:label1\" content=\"Gesch\u00e4tzte Lesezeit\" \/>\n\t<meta name=\"twitter:data1\" content=\"1\u00a0Minute\" \/>\n<script type=\"application\/ld+json\" class=\"yoast-schema-graph\">{\"@context\":\"https:\\\/\\\/schema.org\",\"@graph\":[{\"@type\":\"WebPage\",\"@id\":\"https:\\\/\\\/poverty-is-not-a-crime.ch\\\/de\\\/danke\\\/\",\"url\":\"https:\\\/\\\/poverty-is-not-a-crime.ch\\\/de\\\/danke\\\/\",\"name\":\"Danke f\u00fcr Ihre Unterst\u00fctzung! - Poverty is not a crime!\",\"isPartOf\":{\"@id\":\"https:\\\/\\\/poverty-is-not-a-crime.ch\\\/de\\\/#website\"},\"datePublished\":\"2021-01-21T15:47:45+00:00\",\"dateModified\":\"2021-02-08T16:01:25+00:00\",\"breadcrumb\":{\"@id\":\"https:\\\/\\\/poverty-is-not-a-crime.ch\\\/de\\\/danke\\\/#breadcrumb\"},\"inLanguage\":\"de\",\"potentialAction\":[{\"@type\":\"ReadAction\",\"target\":[\"https:\\\/\\\/poverty-is-not-a-crime.ch\\\/de\\\/danke\\\/\"]}]},{\"@type\":\"BreadcrumbList\",\"@id\":\"https:\\\/\\\/poverty-is-not-a-crime.ch\\\/de\\\/danke\\\/#breadcrumb\",\"itemListElement\":[{\"@type\":\"ListItem\",\"position\":1,\"name\":\"Startseite\",\"item\":\"https:\\\/\\\/poverty-is-not-a-crime.ch\\\/de\\\/\"},{\"@type\":\"ListItem\",\"position\":2,\"name\":\"Danke f\u00fcr Ihre Unterst\u00fctzung!\"}]},{\"@type\":\"WebSite\",\"@id\":\"https:\\\/\\\/poverty-is-not-a-crime.ch\\\/de\\\/#website\",\"url\":\"https:\\\/\\\/poverty-is-not-a-crime.ch\\\/de\\\/\",\"name\":\"Poverty is not a crime!\",\"description\":\"Armut ist kein Verbrechen!\",\"publisher\":{\"@id\":\"https:\\\/\\\/poverty-is-not-a-crime.ch\\\/de\\\/#organization\"},\"potentialAction\":[{\"@type\":\"SearchAction\",\"target\":{\"@type\":\"EntryPoint\",\"urlTemplate\":\"https:\\\/\\\/poverty-is-not-a-crime.ch\\\/de\\\/?s={search_term_string}\"},\"query-input\":{\"@type\":\"PropertyValueSpecification\",\"valueRequired\":true,\"valueName\":\"search_term_string\"}}],\"inLanguage\":\"de\"},{\"@type\":\"Organization\",\"@id\":\"https:\\\/\\\/poverty-is-not-a-crime.ch\\\/de\\\/#organization\",\"name\":\"Poverty is not a crime!\",\"url\":\"https:\\\/\\\/poverty-is-not-a-crime.ch\\\/de\\\/\",\"logo\":{\"@type\":\"ImageObject\",\"inLanguage\":\"de\",\"@id\":\"https:\\\/\\\/poverty-is-not-a-crime.ch\\\/de\\\/#\\\/schema\\\/logo\\\/image\\\/\",\"url\":\"https:\\\/\\\/poverty-is-not-a-crime.ch\\\/wp-content\\\/uploads\\\/2021\\\/01\\\/Visual_EN.png\",\"contentUrl\":\"https:\\\/\\\/poverty-is-not-a-crime.ch\\\/wp-content\\\/uploads\\\/2021\\\/01\\\/Visual_EN.png\",\"width\":1200,\"height\":620,\"caption\":\"Poverty is not a crime!\"},\"image\":{\"@id\":\"https:\\\/\\\/poverty-is-not-a-crime.ch\\\/de\\\/#\\\/schema\\\/logo\\\/image\\\/\"}}]}<\/script>\n<!-- \/ Yoast SEO plugin. -->","yoast_head_json":{"title":"Danke f\u00fcr Ihre Unterst\u00fctzung! - Poverty is not a crime!","robots":{"index":"index","follow":"follow","max-snippet":"max-snippet:-1","max-image-preview":"max-image-preview:large","max-video-preview":"max-video-preview:-1"},"canonical":"https:\/\/poverty-is-not-a-crime.ch\/de\/danke\/","og_locale":"de_DE","og_type":"article","og_title":"Danke f\u00fcr Ihre Unterst\u00fctzung! - Poverty is not a crime!","og_description":"Unsere Allianz ist dank Ihrer Unterschrift gerade st\u00e4rker geworden. Dieser offene Brief wird nicht in einer Schublade landen. Wir werden ihn ins Parlament bringen und zwar bald. Deswegen m\u00fcssen wir so viele Menschen wie m\u00f6glich erreichen. Teilen Sie unseren Aufruf!","og_url":"https:\/\/poverty-is-not-a-crime.ch\/de\/danke\/","og_site_name":"Poverty is not a crime!","article_modified_time":"2021-02-08T16:01:25+00:00","twitter_card":"summary_large_image","twitter_misc":{"Gesch\u00e4tzte Lesezeit":"1\u00a0Minute"},"schema":{"@context":"https:\/\/schema.org","@graph":[{"@type":"WebPage","@id":"https:\/\/poverty-is-not-a-crime.ch\/de\/danke\/","url":"https:\/\/poverty-is-not-a-crime.ch\/de\/danke\/","name":"Danke f\u00fcr Ihre Unterst\u00fctzung! - Poverty is not a crime!","isPartOf":{"@id":"https:\/\/poverty-is-not-a-crime.ch\/de\/#website"},"datePublished":"2021-01-21T15:47:45+00:00","dateModified":"2021-02-08T16:01:25+00:00","breadcrumb":{"@id":"https:\/\/poverty-is-not-a-crime.ch\/de\/danke\/#breadcrumb"},"inLanguage":"de","potentialAction":[{"@type":"ReadAction","target":["https:\/\/poverty-is-not-a-crime.ch\/de\/danke\/"]}]},{"@type":"BreadcrumbList","@id":"https:\/\/poverty-is-not-a-crime.ch\/de\/danke\/#breadcrumb","itemListElement":[{"@type":"ListItem","position":1,"name":"Startseite","item":"https:\/\/poverty-is-not-a-crime.ch\/de\/"},{"@type":"ListItem","position":2,"name":"Danke f\u00fcr Ihre Unterst\u00fctzung!"}]},{"@type":"WebSite","@id":"https:\/\/poverty-is-not-a-crime.ch\/de\/#website","url":"https:\/\/poverty-is-not-a-crime.ch\/de\/","name":"Poverty is not a crime!","description":"Armut ist kein Verbrechen!","publisher":{"@id":"https:\/\/poverty-is-not-a-crime.ch\/de\/#organization"},"potentialAction":[{"@type":"SearchAction","target":{"@type":"EntryPoint","urlTemplate":"https:\/\/poverty-is-not-a-crime.ch\/de\/?s={search_term_string}"},"query-input":{"@type":"PropertyValueSpecification","valueRequired":true,"valueName":"search_term_string"}}],"inLanguage":"de"},{"@type":"Organization","@id":"https:\/\/poverty-is-not-a-crime.ch\/de\/#organization","name":"Poverty is not a crime!","url":"https:\/\/poverty-is-not-a-crime.ch\/de\/","logo":{"@type":"ImageObject","inLanguage":"de","@id":"https:\/\/poverty-is-not-a-crime.ch\/de\/#\/schema\/logo\/image\/","url":"https:\/\/poverty-is-not-a-crime.ch\/wp-content\/uploads\/2021\/01\/Visual_EN.png","contentUrl":"https:\/\/poverty-is-not-a-crime.ch\/wp-content\/uploads\/2021\/01\/Visual_EN.png","width":1200,"height":620,"caption":"Poverty is not a crime!"},"image":{"@id":"https:\/\/poverty-is-not-a-crime.ch\/de\/#\/schema\/logo\/image\/"}}]}},"_links":{"self":[{"href":"https:\/\/poverty-is-not-a-crime.ch\/de\/wp-json\/wp\/v2\/pages\/39","targetHints":{"allow":["GET"]}}],"collection":[{"href":"https:\/\/poverty-is-not-a-crime.ch\/de\/wp-json\/wp\/v2\/pages"}],"about":[{"href":"https:\/\/poverty-is-not-a-crime.ch\/de\/wp-json\/wp\/v2\/types\/page"}],"author":[{"embeddable":true,"href":"https:\/\/poverty-is-not-a-crime.ch\/de\/wp-json\/wp\/v2\/users\/1"}],"replies":[{"embeddable":true,"href":"https:\/\/poverty-is-not-a-crime.ch\/de\/wp-json\/wp\/v2\/comments?post=39"}],"version-history":[{"count":4,"href":"https:\/\/poverty-is-not-a-crime.ch\/de\/wp-json\/wp\/v2\/pages\/39\/revisions"}],"predecessor-version":[{"id":812,"href":"https:\/\/poverty-is-not-a-crime.ch\/de\/wp-json\/wp\/v2\/pages\/39\/revisions\/812"}],"wp:attachment":[{"href":"https:\/\/poverty-is-not-a-crime.ch\/de\/wp-json\/wp\/v2\/media?parent=39"}],"curies":[{"name":"wp","href":"https:\/\/api.w.org\/{rel}","templated":true}]}}